{"id":8159,"date":"2022-11-24T21:01:09","date_gmt":"2022-11-24T20:01:09","guid":{"rendered":"https:\/\/sceaux-lagazette.fr\/?page_id=8159"},"modified":"2022-11-24T21:15:08","modified_gmt":"2022-11-24T20:15:08","slug":"fresque-blagis-szumanski","status":"publish","type":"page","link":"https:\/\/sceaux-lagazette.fr\/index.php\/fresque-blagis-szumanski\/","title":{"rendered":"Fresque Blagis Szumanski"},"content":{"rendered":"\n<h2 class=\"wp-block-heading\">Avec les \u00e9l\u00e8ves de l&rsquo;\u00e9cole primaire des Blagis<\/h2>\n\n\n\n<figure class=\"wp-block-gallery columns-3 is-cropped wp-block-gallery-1 is-layout-flex wp-block-gallery-is-layout-flex\"><ul class=\"blocks-gallery-grid\"><li class=\"blocks-gallery-item\"><figure><img decoding=\"async\" width=\"1024\" height=\"720\" src=\"https:\/\/sceaux-lagazette.fr\/wp-content\/uploads\/2022\/10\/Les-quatres-saisons-CE1A-Mme-DAUBA.jpg\" alt=\"\" data-id=\"7684\" data-full-url=\"https:\/\/sceaux-lagazette.fr\/wp-content\/uploads\/2022\/10\/Les-quatres-saisons-CE1A-Mme-DAUBA.jpg\" data-link=\"https:\/\/sceaux-lagazette.fr\/index.php\/2022\/10\/14\/une-peintre-a-lecole-primaire-ou-lenfance-de-lart\/les-quatres-saisons-ce1a-mme-dauba\/\" class=\"wp-image-7684\" srcset=\"https:\/\/sceaux-lagazette.fr\/wp-content\/uploads\/2022\/10\/Les-quatres-saisons-CE1A-Mme-DAUBA.jpg 1024w, https:\/\/sceaux-lagazette.fr\/wp-content\/uploads\/2022\/10\/Les-quatres-saisons-CE1A-Mme-DAUBA-300x211.jpg 300w, https:\/\/sceaux-lagazette.fr\/wp-content\/uploads\/2022\/10\/Les-quatres-saisons-CE1A-Mme-DAUBA-768x540.jpg 768w\" sizes=\"(max-width: 1024px) 100vw, 1024px\" \/><\/figure><\/li><li class=\"blocks-gallery-item\"><figure><img decoding=\"async\" width=\"978\" height=\"720\" src=\"https:\/\/sceaux-lagazette.fr\/wp-content\/uploads\/2022\/10\/les-monuments-du-monde-CM1B-Mme-MARCHAND-.jpg\" alt=\"\" data-id=\"7683\" data-full-url=\"https:\/\/sceaux-lagazette.fr\/wp-content\/uploads\/2022\/10\/les-monuments-du-monde-CM1B-Mme-MARCHAND-.jpg\" data-link=\"https:\/\/sceaux-lagazette.fr\/index.php\/2022\/10\/14\/une-peintre-a-lecole-primaire-ou-lenfance-de-lart\/les-monuments-du-monde-cm1b-mme-marchand\/\" class=\"wp-image-7683\" srcset=\"https:\/\/sceaux-lagazette.fr\/wp-content\/uploads\/2022\/10\/les-monuments-du-monde-CM1B-Mme-MARCHAND-.jpg 978w, https:\/\/sceaux-lagazette.fr\/wp-content\/uploads\/2022\/10\/les-monuments-du-monde-CM1B-Mme-MARCHAND--300x221.jpg 300w, https:\/\/sceaux-lagazette.fr\/wp-content\/uploads\/2022\/10\/les-monuments-du-monde-CM1B-Mme-MARCHAND--768x565.jpg 768w\" sizes=\"(max-width: 978px) 100vw, 978px\" \/><\/figure><\/li><li class=\"blocks-gallery-item\"><figure><img decoding=\"async\" width=\"994\" height=\"720\" src=\"https:\/\/sceaux-lagazette.fr\/wp-content\/uploads\/2022\/10\/Les-danses-du-monde-CE2A-Mme-LE-CORRE-.jpg\" alt=\"\" data-id=\"7682\" data-full-url=\"https:\/\/sceaux-lagazette.fr\/wp-content\/uploads\/2022\/10\/Les-danses-du-monde-CE2A-Mme-LE-CORRE-.jpg\" data-link=\"https:\/\/sceaux-lagazette.fr\/index.php\/2022\/10\/14\/une-peintre-a-lecole-primaire-ou-lenfance-de-lart\/les-danses-du-monde-ce2a-mme-le-corre\/\" class=\"wp-image-7682\" srcset=\"https:\/\/sceaux-lagazette.fr\/wp-content\/uploads\/2022\/10\/Les-danses-du-monde-CE2A-Mme-LE-CORRE-.jpg 994w, https:\/\/sceaux-lagazette.fr\/wp-content\/uploads\/2022\/10\/Les-danses-du-monde-CE2A-Mme-LE-CORRE--300x217.jpg 300w, https:\/\/sceaux-lagazette.fr\/wp-content\/uploads\/2022\/10\/Les-danses-du-monde-CE2A-Mme-LE-CORRE--768x556.jpg 768w\" sizes=\"(max-width: 994px) 100vw, 994px\" \/><\/figure><\/li><li class=\"blocks-gallery-item\"><figure><img decoding=\"async\" width=\"970\" height=\"720\" src=\"https:\/\/sceaux-lagazette.fr\/wp-content\/uploads\/2022\/10\/Les-Blagis-CE1C-Mme-RHARAFI-.jpg\" alt=\"\" data-id=\"7681\" data-full-url=\"https:\/\/sceaux-lagazette.fr\/wp-content\/uploads\/2022\/10\/Les-Blagis-CE1C-Mme-RHARAFI-.jpg\" data-link=\"https:\/\/sceaux-lagazette.fr\/index.php\/2022\/10\/14\/une-peintre-a-lecole-primaire-ou-lenfance-de-lart\/les-blagis-ce1c-mme-rharafi\/\" class=\"wp-image-7681\" srcset=\"https:\/\/sceaux-lagazette.fr\/wp-content\/uploads\/2022\/10\/Les-Blagis-CE1C-Mme-RHARAFI-.jpg 970w, https:\/\/sceaux-lagazette.fr\/wp-content\/uploads\/2022\/10\/Les-Blagis-CE1C-Mme-RHARAFI--300x223.jpg 300w, https:\/\/sceaux-lagazette.fr\/wp-content\/uploads\/2022\/10\/Les-Blagis-CE1C-Mme-RHARAFI--768x570.jpg 768w\" sizes=\"(max-width: 970px) 100vw, 970px\" \/><\/figure><\/li><li class=\"blocks-gallery-item\"><figure><img decoding=\"async\" width=\"1020\" height=\"720\" src=\"https:\/\/sceaux-lagazette.fr\/wp-content\/uploads\/2022\/10\/Les-animaux-d_Afrique-CPA-Mme-CHAGNON-.jpg\" alt=\"\" data-id=\"7680\" data-full-url=\"https:\/\/sceaux-lagazette.fr\/wp-content\/uploads\/2022\/10\/Les-animaux-d_Afrique-CPA-Mme-CHAGNON-.jpg\" data-link=\"https:\/\/sceaux-lagazette.fr\/index.php\/2022\/10\/14\/une-peintre-a-lecole-primaire-ou-lenfance-de-lart\/les-animaux-d_afrique-cpa-mme-chagnon\/\" class=\"wp-image-7680\" srcset=\"https:\/\/sceaux-lagazette.fr\/wp-content\/uploads\/2022\/10\/Les-animaux-d_Afrique-CPA-Mme-CHAGNON-.jpg 1020w, https:\/\/sceaux-lagazette.fr\/wp-content\/uploads\/2022\/10\/Les-animaux-d_Afrique-CPA-Mme-CHAGNON--300x212.jpg 300w, https:\/\/sceaux-lagazette.fr\/wp-content\/uploads\/2022\/10\/Les-animaux-d_Afrique-CPA-Mme-CHAGNON--768x542.jpg 768w\" sizes=\"(max-width: 1020px) 100vw, 1020px\" \/><\/figure><\/li><li class=\"blocks-gallery-item\"><figure><img decoding=\"async\" width=\"1012\" height=\"720\" src=\"https:\/\/sceaux-lagazette.fr\/wp-content\/uploads\/2022\/10\/Le-syst\u00e8me-solaire-CE2B-Mr-MARQUE.jpg\" alt=\"\" data-id=\"7679\" data-full-url=\"https:\/\/sceaux-lagazette.fr\/wp-content\/uploads\/2022\/10\/Le-syst\u00e8me-solaire-CE2B-Mr-MARQUE.jpg\" data-link=\"https:\/\/sceaux-lagazette.fr\/index.php\/2022\/10\/14\/une-peintre-a-lecole-primaire-ou-lenfance-de-lart\/le-systeme-solaire-ce2b-mr-marque\/\" class=\"wp-image-7679\" srcset=\"https:\/\/sceaux-lagazette.fr\/wp-content\/uploads\/2022\/10\/Le-syst\u00e8me-solaire-CE2B-Mr-MARQUE.jpg 1012w, https:\/\/sceaux-lagazette.fr\/wp-content\/uploads\/2022\/10\/Le-syst\u00e8me-solaire-CE2B-Mr-MARQUE-300x213.jpg 300w, https:\/\/sceaux-lagazette.fr\/wp-content\/uploads\/2022\/10\/Le-syst\u00e8me-solaire-CE2B-Mr-MARQUE-768x546.jpg 768w\" sizes=\"(max-width: 1012px) 100vw, 1012px\" \/><\/figure><\/li><li class=\"blocks-gallery-item\"><figure><img decoding=\"async\" width=\"980\" height=\"720\" src=\"https:\/\/sceaux-lagazette.fr\/wp-content\/uploads\/2022\/10\/Le-r\u00eave-CE1B-Mme-PEREZ-CLEMENTt-.jpg\" alt=\"\" data-id=\"7678\" data-full-url=\"https:\/\/sceaux-lagazette.fr\/wp-content\/uploads\/2022\/10\/Le-r\u00eave-CE1B-Mme-PEREZ-CLEMENTt-.jpg\" data-link=\"https:\/\/sceaux-lagazette.fr\/index.php\/2022\/10\/14\/une-peintre-a-lecole-primaire-ou-lenfance-de-lart\/le-reve-ce1b-mme-perez-clementt\/\" class=\"wp-image-7678\" srcset=\"https:\/\/sceaux-lagazette.fr\/wp-content\/uploads\/2022\/10\/Le-r\u00eave-CE1B-Mme-PEREZ-CLEMENTt-.jpg 980w, https:\/\/sceaux-lagazette.fr\/wp-content\/uploads\/2022\/10\/Le-r\u00eave-CE1B-Mme-PEREZ-CLEMENTt--300x220.jpg 300w, https:\/\/sceaux-lagazette.fr\/wp-content\/uploads\/2022\/10\/Le-r\u00eave-CE1B-Mme-PEREZ-CLEMENTt--768x564.jpg 768w\" sizes=\"(max-width: 980px) 100vw, 980px\" \/><\/figure><\/li><li class=\"blocks-gallery-item\"><figure><img decoding=\"async\" width=\"934\" height=\"720\" src=\"https:\/\/sceaux-lagazette.fr\/wp-content\/uploads\/2022\/10\/Le-Japon-CM1C-Mme-PIONNIER-.jpg\" alt=\"\" data-id=\"7677\" data-full-url=\"https:\/\/sceaux-lagazette.fr\/wp-content\/uploads\/2022\/10\/Le-Japon-CM1C-Mme-PIONNIER-.jpg\" data-link=\"https:\/\/sceaux-lagazette.fr\/index.php\/2022\/10\/14\/une-peintre-a-lecole-primaire-ou-lenfance-de-lart\/le-japon-cm1c-mme-pionnier\/\" class=\"wp-image-7677\" srcset=\"https:\/\/sceaux-lagazette.fr\/wp-content\/uploads\/2022\/10\/Le-Japon-CM1C-Mme-PIONNIER-.jpg 934w, https:\/\/sceaux-lagazette.fr\/wp-content\/uploads\/2022\/10\/Le-Japon-CM1C-Mme-PIONNIER--300x231.jpg 300w, https:\/\/sceaux-lagazette.fr\/wp-content\/uploads\/2022\/10\/Le-Japon-CM1C-Mme-PIONNIER--768x592.jpg 768w\" sizes=\"(max-width: 934px) 100vw, 934px\" \/><\/figure><\/li><li class=\"blocks-gallery-item\"><figure><img decoding=\"async\" width=\"1024\" height=\"713\" src=\"https:\/\/sceaux-lagazette.fr\/wp-content\/uploads\/2022\/10\/La-protection-de-l_environnement-CM2B-Mme-PAGNOUX-1024x713.jpg\" alt=\"\" data-id=\"7676\" data-full-url=\"https:\/\/sceaux-lagazette.fr\/wp-content\/uploads\/2022\/10\/La-protection-de-l_environnement-CM2B-Mme-PAGNOUX.jpg\" data-link=\"https:\/\/sceaux-lagazette.fr\/index.php\/2022\/10\/14\/une-peintre-a-lecole-primaire-ou-lenfance-de-lart\/la-protection-de-l_environnement-cm2b-mme-pagnoux\/\" class=\"wp-image-7676\" srcset=\"https:\/\/sceaux-lagazette.fr\/wp-content\/uploads\/2022\/10\/La-protection-de-l_environnement-CM2B-Mme-PAGNOUX-1024x713.jpg 1024w, https:\/\/sceaux-lagazette.fr\/wp-content\/uploads\/2022\/10\/La-protection-de-l_environnement-CM2B-Mme-PAGNOUX-300x209.jpg 300w, https:\/\/sceaux-lagazette.fr\/wp-content\/uploads\/2022\/10\/La-protection-de-l_environnement-CM2B-Mme-PAGNOUX-768x535.jpg 768w, https:\/\/sceaux-lagazette.fr\/wp-content\/uploads\/2022\/10\/La-protection-de-l_environnement-CM2B-Mme-PAGNOUX.jpg 1034w\" sizes=\"(max-width: 1024px) 100vw, 1024px\" \/><\/figure><\/li><li class=\"blocks-gallery-item\"><figure><img decoding=\"async\" width=\"1016\" height=\"720\" src=\"https:\/\/sceaux-lagazette.fr\/wp-content\/uploads\/2022\/10\/la-coop\u00e9ration-CM2C-Mme-ROSSIGNOL.jpg\" alt=\"\" data-id=\"7675\" data-full-url=\"https:\/\/sceaux-lagazette.fr\/wp-content\/uploads\/2022\/10\/la-coop\u00e9ration-CM2C-Mme-ROSSIGNOL.jpg\" data-link=\"https:\/\/sceaux-lagazette.fr\/index.php\/2022\/10\/14\/une-peintre-a-lecole-primaire-ou-lenfance-de-lart\/la-cooperation-cm2c-mme-rossignol\/\" class=\"wp-image-7675\" srcset=\"https:\/\/sceaux-lagazette.fr\/wp-content\/uploads\/2022\/10\/la-coop\u00e9ration-CM2C-Mme-ROSSIGNOL.jpg 1016w, https:\/\/sceaux-lagazette.fr\/wp-content\/uploads\/2022\/10\/la-coop\u00e9ration-CM2C-Mme-ROSSIGNOL-300x213.jpg 300w, https:\/\/sceaux-lagazette.fr\/wp-content\/uploads\/2022\/10\/la-coop\u00e9ration-CM2C-Mme-ROSSIGNOL-768x544.jpg 768w\" sizes=\"(max-width: 1016px) 100vw, 1016px\" \/><\/figure><\/li><li class=\"blocks-gallery-item\"><figure><img decoding=\"async\" width=\"1014\" height=\"720\" src=\"https:\/\/sceaux-lagazette.fr\/wp-content\/uploads\/2022\/10\/L_Australie-CM2A-Mme-KIRSTNER.jpg\" alt=\"\" data-id=\"7674\" data-full-url=\"https:\/\/sceaux-lagazette.fr\/wp-content\/uploads\/2022\/10\/L_Australie-CM2A-Mme-KIRSTNER.jpg\" data-link=\"https:\/\/sceaux-lagazette.fr\/index.php\/2022\/10\/14\/une-peintre-a-lecole-primaire-ou-lenfance-de-lart\/l_australie-cm2a-mme-kirstner\/\" class=\"wp-image-7674\" srcset=\"https:\/\/sceaux-lagazette.fr\/wp-content\/uploads\/2022\/10\/L_Australie-CM2A-Mme-KIRSTNER.jpg 1014w, https:\/\/sceaux-lagazette.fr\/wp-content\/uploads\/2022\/10\/L_Australie-CM2A-Mme-KIRSTNER-300x213.jpg 300w, https:\/\/sceaux-lagazette.fr\/wp-content\/uploads\/2022\/10\/L_Australie-CM2A-Mme-KIRSTNER-768x545.jpg 768w\" sizes=\"(max-width: 1014px) 100vw, 1014px\" \/><\/figure><\/li><li class=\"blocks-gallery-item\"><figure><img decoding=\"async\" width=\"968\" height=\"720\" src=\"https:\/\/sceaux-lagazette.fr\/wp-content\/uploads\/2022\/10\/L_arbre-des-\u00e9motions-CP-CE2-Mme-MARTIN-.jpg\" alt=\"\" data-id=\"7673\" data-full-url=\"https:\/\/sceaux-lagazette.fr\/wp-content\/uploads\/2022\/10\/L_arbre-des-\u00e9motions-CP-CE2-Mme-MARTIN-.jpg\" data-link=\"https:\/\/sceaux-lagazette.fr\/index.php\/2022\/10\/14\/une-peintre-a-lecole-primaire-ou-lenfance-de-lart\/l_arbre-des-emotions-cp-ce2-mme-martin\/\" class=\"wp-image-7673\" srcset=\"https:\/\/sceaux-lagazette.fr\/wp-content\/uploads\/2022\/10\/L_arbre-des-\u00e9motions-CP-CE2-Mme-MARTIN-.jpg 968w, https:\/\/sceaux-lagazette.fr\/wp-content\/uploads\/2022\/10\/L_arbre-des-\u00e9motions-CP-CE2-Mme-MARTIN--300x223.jpg 300w, https:\/\/sceaux-lagazette.fr\/wp-content\/uploads\/2022\/10\/L_arbre-des-\u00e9motions-CP-CE2-Mme-MARTIN--768x571.jpg 768w\" sizes=\"(max-width: 968px) 100vw, 968px\" \/><\/figure><\/li><li class=\"blocks-gallery-item\"><figure><img decoding=\"async\" width=\"1024\" height=\"714\" src=\"https:\/\/sceaux-lagazette.fr\/wp-content\/uploads\/2022\/10\/L_afrique-CPB-Mme-SCHMIDT--1024x714.jpg\" alt=\"\" data-id=\"7672\" data-full-url=\"https:\/\/sceaux-lagazette.fr\/wp-content\/uploads\/2022\/10\/L_afrique-CPB-Mme-SCHMIDT-.jpg\" data-link=\"https:\/\/sceaux-lagazette.fr\/index.php\/2022\/10\/14\/une-peintre-a-lecole-primaire-ou-lenfance-de-lart\/l_afrique-cpb-mme-schmidt\/\" class=\"wp-image-7672\" srcset=\"https:\/\/sceaux-lagazette.fr\/wp-content\/uploads\/2022\/10\/L_afrique-CPB-Mme-SCHMIDT--1024x714.jpg 1024w, https:\/\/sceaux-lagazette.fr\/wp-content\/uploads\/2022\/10\/L_afrique-CPB-Mme-SCHMIDT--300x209.jpg 300w, https:\/\/sceaux-lagazette.fr\/wp-content\/uploads\/2022\/10\/L_afrique-CPB-Mme-SCHMIDT--768x536.jpg 768w, https:\/\/sceaux-lagazette.fr\/wp-content\/uploads\/2022\/10\/L_afrique-CPB-Mme-SCHMIDT-.jpg 1032w\" sizes=\"(max-width: 1024px) 100vw, 1024px\" \/><\/figure><\/li><li class=\"blocks-gallery-item\"><figure><img decoding=\"async\" width=\"1018\" height=\"720\" src=\"https:\/\/sceaux-lagazette.fr\/wp-content\/uploads\/2022\/10\/Ensemble-CM1A-Mme-BONNET.jpg\" alt=\"\" data-id=\"7671\" data-full-url=\"https:\/\/sceaux-lagazette.fr\/wp-content\/uploads\/2022\/10\/Ensemble-CM1A-Mme-BONNET.jpg\" data-link=\"https:\/\/sceaux-lagazette.fr\/index.php\/2022\/10\/14\/une-peintre-a-lecole-primaire-ou-lenfance-de-lart\/ensemble-cm1a-mme-bonnet\/\" class=\"wp-image-7671\" srcset=\"https:\/\/sceaux-lagazette.fr\/wp-content\/uploads\/2022\/10\/Ensemble-CM1A-Mme-BONNET.jpg 1018w, https:\/\/sceaux-lagazette.fr\/wp-content\/uploads\/2022\/10\/Ensemble-CM1A-Mme-BONNET-300x212.jpg 300w, https:\/\/sceaux-lagazette.fr\/wp-content\/uploads\/2022\/10\/Ensemble-CM1A-Mme-BONNET-768x543.jpg 768w\" sizes=\"(max-width: 1018px) 100vw, 1018px\" \/><\/figure><\/li><\/ul><\/figure>\n\n\n\n<p><\/p>\n","protected":false},"excerpt":{"rendered":"<p>Avec les \u00e9l\u00e8ves de l&rsquo;\u00e9cole primaire des Blagis<\/p>\n","protected":false},"author":6,"featured_media":0,"parent":0,"menu_order":0,"comment_status":"closed","ping_status":"closed","template":"","meta":{"om_disable_all_campaigns":false,"_monsterinsights_skip_tracking":false,"_monsterinsights_sitenote_active":false,"_monsterinsights_sitenote_note":"","_monsterinsights_sitenote_category":0,"_uf_show_specific_survey":0,"_uf_disable_surveys":false,"footnotes":""},"class_list":["post-8159","page","type-page","status-publish","hentry","entry","simple"],"yoast_head":"<!-- This site is optimized with the Yoast SEO plugin v25.6 - https:\/\/yoast.com\/wordpress\/plugins\/seo\/ -->\n<title>Fresque Blagis Szumanski - La Gazette<\/title>\n<meta name=\"robots\" content=\"index, follow, max-snippet:-1, max-image-preview:large, max-video-preview:-1\" \/>\n<link rel=\"canonical\" href=\"https:\/\/sceaux-lagazette.fr\/index.php\/fresque-blagis-szumanski\/\" \/>\n<meta property=\"og:locale\" content=\"fr_FR\" \/>\n<meta property=\"og:type\" content=\"article\" \/>\n<meta property=\"og:title\" content=\"Fresque Blagis Szumanski - La Gazette\" \/>\n<meta property=\"og:description\" content=\"Avec les \u00e9l\u00e8ves de l&rsquo;\u00e9cole primaire des Blagis\" \/>\n<meta property=\"og:url\" content=\"https:\/\/sceaux-lagazette.fr\/index.php\/fresque-blagis-szumanski\/\" \/>\n<meta property=\"og:site_name\" content=\"La Gazette\" \/>\n<meta property=\"article:modified_time\" content=\"2022-11-24T20:15:08+00:00\" \/>\n<meta property=\"og:image\" content=\"https:\/\/sceaux-lagazette.fr\/wp-content\/uploads\/2022\/10\/Les-quatres-saisons-CE1A-Mme-DAUBA.jpg\" \/>\n<meta name=\"twitter:card\" content=\"summary_large_image\" \/>\n<script type=\"application\/ld+json\" class=\"yoast-schema-graph\">{\"@context\":\"https:\/\/schema.org\",\"@graph\":[{\"@type\":\"WebPage\",\"@id\":\"https:\/\/sceaux-lagazette.fr\/index.php\/fresque-blagis-szumanski\/\",\"url\":\"https:\/\/sceaux-lagazette.fr\/index.php\/fresque-blagis-szumanski\/\",\"name\":\"Fresque Blagis Szumanski - La Gazette\",\"isPartOf\":{\"@id\":\"https:\/\/sceaux-lagazette.fr\/#website\"},\"primaryImageOfPage\":{\"@id\":\"https:\/\/sceaux-lagazette.fr\/index.php\/fresque-blagis-szumanski\/#primaryimage\"},\"image\":{\"@id\":\"https:\/\/sceaux-lagazette.fr\/index.php\/fresque-blagis-szumanski\/#primaryimage\"},\"thumbnailUrl\":\"https:\/\/sceaux-lagazette.fr\/wp-content\/uploads\/2022\/10\/Les-quatres-saisons-CE1A-Mme-DAUBA.jpg\",\"datePublished\":\"2022-11-24T20:01:09+00:00\",\"dateModified\":\"2022-11-24T20:15:08+00:00\",\"breadcrumb\":{\"@id\":\"https:\/\/sceaux-lagazette.fr\/index.php\/fresque-blagis-szumanski\/#breadcrumb\"},\"inLanguage\":\"fr-FR\",\"potentialAction\":[{\"@type\":\"ReadAction\",\"target\":[\"https:\/\/sceaux-lagazette.fr\/index.php\/fresque-blagis-szumanski\/\"]}]},{\"@type\":\"ImageObject\",\"inLanguage\":\"fr-FR\",\"@id\":\"https:\/\/sceaux-lagazette.fr\/index.php\/fresque-blagis-szumanski\/#primaryimage\",\"url\":\"https:\/\/sceaux-lagazette.fr\/wp-content\/uploads\/2022\/10\/Les-quatres-saisons-CE1A-Mme-DAUBA.jpg\",\"contentUrl\":\"https:\/\/sceaux-lagazette.fr\/wp-content\/uploads\/2022\/10\/Les-quatres-saisons-CE1A-Mme-DAUBA.jpg\",\"width\":1024,\"height\":720},{\"@type\":\"BreadcrumbList\",\"@id\":\"https:\/\/sceaux-lagazette.fr\/index.php\/fresque-blagis-szumanski\/#breadcrumb\",\"itemListElement\":[{\"@type\":\"ListItem\",\"position\":1,\"name\":\"Accueil\",\"item\":\"https:\/\/sceaux-lagazette.fr\/\"},{\"@type\":\"ListItem\",\"position\":2,\"name\":\"Fresque Blagis Szumanski\"}]},{\"@type\":\"WebSite\",\"@id\":\"https:\/\/sceaux-lagazette.fr\/#website\",\"url\":\"https:\/\/sceaux-lagazette.fr\/\",\"name\":\"La Gazette\",\"description\":\"Bourg-la-Reine, Ch\u00e2tenay, Fontenay, Sceaux\",\"publisher\":{\"@id\":\"https:\/\/sceaux-lagazette.fr\/#organization\"},\"potentialAction\":[{\"@type\":\"SearchAction\",\"target\":{\"@type\":\"EntryPoint\",\"urlTemplate\":\"https:\/\/sceaux-lagazette.fr\/?s={search_term_string}\"},\"query-input\":{\"@type\":\"PropertyValueSpecification\",\"valueRequired\":true,\"valueName\":\"search_term_string\"}}],\"inLanguage\":\"fr-FR\"},{\"@type\":\"Organization\",\"@id\":\"https:\/\/sceaux-lagazette.fr\/#organization\",\"name\":\"La Gazette\",\"url\":\"https:\/\/sceaux-lagazette.fr\/\",\"logo\":{\"@type\":\"ImageObject\",\"inLanguage\":\"fr-FR\",\"@id\":\"https:\/\/sceaux-lagazette.fr\/#\/schema\/logo\/image\/\",\"url\":\"https:\/\/sceaux-lagazette.fr\/wp-content\/uploads\/2025\/08\/Logo-Gazette-Aout-2025-V3.jpg\",\"contentUrl\":\"https:\/\/sceaux-lagazette.fr\/wp-content\/uploads\/2025\/08\/Logo-Gazette-Aout-2025-V3.jpg\",\"width\":525,\"height\":130,\"caption\":\"La Gazette\"},\"image\":{\"@id\":\"https:\/\/sceaux-lagazette.fr\/#\/schema\/logo\/image\/\"}}]}<\/script>\n<!-- \/ Yoast SEO plugin. -->","yoast_head_json":{"title":"Fresque Blagis Szumanski - La Gazette","robots":{"index":"index","follow":"follow","max-snippet":"max-snippet:-1","max-image-preview":"max-image-preview:large","max-video-preview":"max-video-preview:-1"},"canonical":"https:\/\/sceaux-lagazette.fr\/index.php\/fresque-blagis-szumanski\/","og_locale":"fr_FR","og_type":"article","og_title":"Fresque Blagis Szumanski - La Gazette","og_description":"Avec les \u00e9l\u00e8ves de l&rsquo;\u00e9cole primaire des Blagis","og_url":"https:\/\/sceaux-lagazette.fr\/index.php\/fresque-blagis-szumanski\/","og_site_name":"La Gazette","article_modified_time":"2022-11-24T20:15:08+00:00","og_image":[{"url":"https:\/\/sceaux-lagazette.fr\/wp-content\/uploads\/2022\/10\/Les-quatres-saisons-CE1A-Mme-DAUBA.jpg","type":"","width":"","height":""}],"twitter_card":"summary_large_image","schema":{"@context":"https:\/\/schema.org","@graph":[{"@type":"WebPage","@id":"https:\/\/sceaux-lagazette.fr\/index.php\/fresque-blagis-szumanski\/","url":"https:\/\/sceaux-lagazette.fr\/index.php\/fresque-blagis-szumanski\/","name":"Fresque Blagis Szumanski - La Gazette","isPartOf":{"@id":"https:\/\/sceaux-lagazette.fr\/#website"},"primaryImageOfPage":{"@id":"https:\/\/sceaux-lagazette.fr\/index.php\/fresque-blagis-szumanski\/#primaryimage"},"image":{"@id":"https:\/\/sceaux-lagazette.fr\/index.php\/fresque-blagis-szumanski\/#primaryimage"},"thumbnailUrl":"https:\/\/sceaux-lagazette.fr\/wp-content\/uploads\/2022\/10\/Les-quatres-saisons-CE1A-Mme-DAUBA.jpg","datePublished":"2022-11-24T20:01:09+00:00","dateModified":"2022-11-24T20:15:08+00:00","breadcrumb":{"@id":"https:\/\/sceaux-lagazette.fr\/index.php\/fresque-blagis-szumanski\/#breadcrumb"},"inLanguage":"fr-FR","potentialAction":[{"@type":"ReadAction","target":["https:\/\/sceaux-lagazette.fr\/index.php\/fresque-blagis-szumanski\/"]}]},{"@type":"ImageObject","inLanguage":"fr-FR","@id":"https:\/\/sceaux-lagazette.fr\/index.php\/fresque-blagis-szumanski\/#primaryimage","url":"https:\/\/sceaux-lagazette.fr\/wp-content\/uploads\/2022\/10\/Les-quatres-saisons-CE1A-Mme-DAUBA.jpg","contentUrl":"https:\/\/sceaux-lagazette.fr\/wp-content\/uploads\/2022\/10\/Les-quatres-saisons-CE1A-Mme-DAUBA.jpg","width":1024,"height":720},{"@type":"BreadcrumbList","@id":"https:\/\/sceaux-lagazette.fr\/index.php\/fresque-blagis-szumanski\/#breadcrumb","itemListElement":[{"@type":"ListItem","position":1,"name":"Accueil","item":"https:\/\/sceaux-lagazette.fr\/"},{"@type":"ListItem","position":2,"name":"Fresque Blagis Szumanski"}]},{"@type":"WebSite","@id":"https:\/\/sceaux-lagazette.fr\/#website","url":"https:\/\/sceaux-lagazette.fr\/","name":"La Gazette","description":"Bourg-la-Reine, Ch\u00e2tenay, Fontenay, Sceaux","publisher":{"@id":"https:\/\/sceaux-lagazette.fr\/#organization"},"potentialAction":[{"@type":"SearchAction","target":{"@type":"EntryPoint","urlTemplate":"https:\/\/sceaux-lagazette.fr\/?s={search_term_string}"},"query-input":{"@type":"PropertyValueSpecification","valueRequired":true,"valueName":"search_term_string"}}],"inLanguage":"fr-FR"},{"@type":"Organization","@id":"https:\/\/sceaux-lagazette.fr\/#organization","name":"La Gazette","url":"https:\/\/sceaux-lagazette.fr\/","logo":{"@type":"ImageObject","inLanguage":"fr-FR","@id":"https:\/\/sceaux-lagazette.fr\/#\/schema\/logo\/image\/","url":"https:\/\/sceaux-lagazette.fr\/wp-content\/uploads\/2025\/08\/Logo-Gazette-Aout-2025-V3.jpg","contentUrl":"https:\/\/sceaux-lagazette.fr\/wp-content\/uploads\/2025\/08\/Logo-Gazette-Aout-2025-V3.jpg","width":525,"height":130,"caption":"La Gazette"},"image":{"@id":"https:\/\/sceaux-lagazette.fr\/#\/schema\/logo\/image\/"}}]}},"_links":{"self":[{"href":"https:\/\/sceaux-lagazette.fr\/index.php\/wp-json\/wp\/v2\/pages\/8159"}],"collection":[{"href":"https:\/\/sceaux-lagazette.fr\/index.php\/wp-json\/wp\/v2\/pages"}],"about":[{"href":"https:\/\/sceaux-lagazette.fr\/index.php\/wp-json\/wp\/v2\/types\/page"}],"author":[{"embeddable":true,"href":"https:\/\/sceaux-lagazette.fr\/index.php\/wp-json\/wp\/v2\/users\/6"}],"replies":[{"embeddable":true,"href":"https:\/\/sceaux-lagazette.fr\/index.php\/wp-json\/wp\/v2\/comments?post=8159"}],"version-history":[{"count":2,"href":"https:\/\/sceaux-lagazette.fr\/index.php\/wp-json\/wp\/v2\/pages\/8159\/revisions"}],"predecessor-version":[{"id":8161,"href":"https:\/\/sceaux-lagazette.fr\/index.php\/wp-json\/wp\/v2\/pages\/8159\/revisions\/8161"}],"wp:attachment":[{"href":"https:\/\/sceaux-lagazette.fr\/index.php\/wp-json\/wp\/v2\/media?parent=8159"}],"curies":[{"name":"wp","href":"https:\/\/api.w.org\/{rel}","templated":true}]}}