{"version":"1.0","provider_name":"La Gazette","provider_url":"https:\/\/sceaux-lagazette.fr","author_name":"G\u00e9rard Bardier","author_url":"https:\/\/sceaux-lagazette.fr\/index.php\/author\/gb\/","title":"Rue du Four\u00a0: ceux qui ont d\u00e9m\u00e9nag\u00e9 - La Gazette","type":"rich","width":600,"height":338,"html":"<blockquote class=\"wp-embedded-content\" data-secret=\"as10jfMvuJ\"><a href=\"https:\/\/sceaux-lagazette.fr\/index.php\/2025\/03\/27\/rue-du-four-ceux-qui-ont-demenage\/\">Rue du Four\u00a0: ceux qui ont d\u00e9m\u00e9nag\u00e9<\/a><\/blockquote><iframe sandbox=\"allow-scripts\" security=\"restricted\" src=\"https:\/\/sceaux-lagazette.fr\/index.php\/2025\/03\/27\/rue-du-four-ceux-qui-ont-demenage\/embed\/#?secret=as10jfMvuJ\" width=\"600\" height=\"338\" title=\"\u00ab\u00a0Rue du Four\u00a0: ceux qui ont d\u00e9m\u00e9nag\u00e9\u00a0\u00bb &#8212; La Gazette\" data-secret=\"as10jfMvuJ\" frameborder=\"0\" marginwidth=\"0\" marginheight=\"0\" scrolling=\"no\" class=\"wp-embedded-content\"><\/iframe><script type=\"text\/javascript\">\n\/* <![CDATA[ *\/\n\/*! This file is auto-generated *\/\n!function(d,l){\"use strict\";l.querySelector&&d.addEventListener&&\"undefined\"!=typeof URL&&(d.wp=d.wp||{},d.wp.receiveEmbedMessage||(d.wp.receiveEmbedMessage=function(e){var t=e.data;if((t||t.secret||t.message||t.value)&&!\/[^a-zA-Z0-9]\/.test(t.secret)){for(var s,r,n,a=l.querySelectorAll('iframe[data-secret=\"'+t.secret+'\"]'),o=l.querySelectorAll('blockquote[data-secret=\"'+t.secret+'\"]'),c=new RegExp(\"^https?:$\",\"i\"),i=0;i<o.length;i++)o[i].style.display=\"none\";for(i=0;i<a.length;i++)s=a[i],e.source===s.contentWindow&&(s.removeAttribute(\"style\"),\"height\"===t.message?(1e3<(r=parseInt(t.value,10))?r=1e3:~~r<200&&(r=200),s.height=r):\"link\"===t.message&&(r=new URL(s.getAttribute(\"src\")),n=new URL(t.value),c.test(n.protocol))&&n.host===r.host&&l.activeElement===s&&(d.top.location.href=t.value))}},d.addEventListener(\"message\",d.wp.receiveEmbedMessage,!1),l.addEventListener(\"DOMContentLoaded\",function(){for(var e,t,s=l.querySelectorAll(\"iframe.wp-embedded-content\"),r=0;r<s.length;r++)(t=(e=s[r]).getAttribute(\"data-secret\"))||(t=Math.random().toString(36).substring(2,12),e.src+=\"#?secret=\"+t,e.setAttribute(\"data-secret\",t)),e.contentWindow.postMessage({message:\"ready\",secret:t},\"*\")},!1)))}(window,document);\n\/* ]]> *\/\n<\/script>\n","thumbnail_url":"https:\/\/sceaux-lagazette.fr\/wp-content\/uploads\/2025\/03\/Rue-du-Four.jpg","thumbnail_width":1040,"thumbnail_height":780,"description":"Dans le cadre du projet de la place du G\u00e9n\u00e9ral de Gaulle \u00e0 Sceaux, l\u2019\u00eelot de la rue du Four va prochainement \u00eatre d\u00e9truit. Mais que sont devenues les associations qui y b\u00e9n\u00e9ficiaient d\u2019un local&nbsp;? Enqu\u00eate&nbsp;! Si le propri\u00e9taire du Chiquito avait pr\u00e9vu de prendre sa retraite lors de la&#8230;"}