{"version":"1.0","provider_name":"La Gazette","provider_url":"https:\/\/sceaux-lagazette.fr","author_name":"G\u00e9rard Bardier","author_url":"https:\/\/sceaux-lagazette.fr\/index.php\/author\/gb\/","title":"60 ans d\u2019amiti\u00e9s internationales - La Gazette","type":"rich","width":600,"height":338,"html":"<blockquote class=\"wp-embedded-content\" data-secret=\"V75k1Lv5fQ\"><a href=\"https:\/\/sceaux-lagazette.fr\/index.php\/2023\/02\/27\/60-ans-damities-internationales\/\">60 ans d\u2019amiti\u00e9s internationales<\/a><\/blockquote><iframe sandbox=\"allow-scripts\" security=\"restricted\" src=\"https:\/\/sceaux-lagazette.fr\/index.php\/2023\/02\/27\/60-ans-damities-internationales\/embed\/#?secret=V75k1Lv5fQ\" width=\"600\" height=\"338\" title=\"\u00ab\u00a060 ans d\u2019amiti\u00e9s internationales\u00a0\u00bb &#8212; La Gazette\" data-secret=\"V75k1Lv5fQ\" frameborder=\"0\" marginwidth=\"0\" marginheight=\"0\" scrolling=\"no\" class=\"wp-embedded-content\"><\/iframe><script type=\"text\/javascript\">\n\/* <![CDATA[ *\/\n\/*! This file is auto-generated *\/\n!function(d,l){\"use strict\";l.querySelector&&d.addEventListener&&\"undefined\"!=typeof URL&&(d.wp=d.wp||{},d.wp.receiveEmbedMessage||(d.wp.receiveEmbedMessage=function(e){var t=e.data;if((t||t.secret||t.message||t.value)&&!\/[^a-zA-Z0-9]\/.test(t.secret)){for(var s,r,n,a=l.querySelectorAll('iframe[data-secret=\"'+t.secret+'\"]'),o=l.querySelectorAll('blockquote[data-secret=\"'+t.secret+'\"]'),c=new RegExp(\"^https?:$\",\"i\"),i=0;i<o.length;i++)o[i].style.display=\"none\";for(i=0;i<a.length;i++)s=a[i],e.source===s.contentWindow&&(s.removeAttribute(\"style\"),\"height\"===t.message?(1e3<(r=parseInt(t.value,10))?r=1e3:~~r<200&&(r=200),s.height=r):\"link\"===t.message&&(r=new URL(s.getAttribute(\"src\")),n=new URL(t.value),c.test(n.protocol))&&n.host===r.host&&l.activeElement===s&&(d.top.location.href=t.value))}},d.addEventListener(\"message\",d.wp.receiveEmbedMessage,!1),l.addEventListener(\"DOMContentLoaded\",function(){for(var e,t,s=l.querySelectorAll(\"iframe.wp-embedded-content\"),r=0;r<s.length;r++)(t=(e=s[r]).getAttribute(\"data-secret\"))||(t=Math.random().toString(36).substring(2,12),e.src+=\"#?secret=\"+t,e.setAttribute(\"data-secret\",t)),e.contentWindow.postMessage({message:\"ready\",secret:t},\"*\")},!1)))}(window,document);\n\/* ]]> *\/\n<\/script>\n","thumbnail_url":"https:\/\/sceaux-lagazette.fr\/wp-content\/uploads\/2023\/02\/LES-ALLEMANDS-DU-CROSS-scaled.jpeg","thumbnail_width":2560,"thumbnail_height":1920,"description":"En 1963, une d\u00e9lib\u00e9ration du conseil municipal de Sceaux a act\u00e9 un jumelage avec la ville de Br\u00fchl. La m\u00eame d\u00e9lib\u00e9ration missionnait le Centre Sc\u00e9en des Amiti\u00e9s Internationales (CSAI) pour faire vivre ce jumelage (et d\u2019autres \u00e0 venir). 60 ans plus tard, le CSAI continue \u00e0 animer le jumelage de&#8230;"}