{"version":"1.0","provider_name":"La Gazette","provider_url":"https:\/\/sceaux-lagazette.fr","author_name":"G\u00e9rard Bardier","author_url":"https:\/\/sceaux-lagazette.fr\/index.php\/author\/gb\/","title":"Vous avez dit changement d\u2019\u00e9chelle ? - La Gazette","type":"rich","width":600,"height":338,"html":"<blockquote class=\"wp-embedded-content\" data-secret=\"acZbsOb1FS\"><a href=\"https:\/\/sceaux-lagazette.fr\/index.php\/2021\/02\/23\/vous-avez-dit-changement-dechelle\/\">Vous avez dit changement d\u2019\u00e9chelle ?<\/a><\/blockquote><iframe sandbox=\"allow-scripts\" security=\"restricted\" src=\"https:\/\/sceaux-lagazette.fr\/index.php\/2021\/02\/23\/vous-avez-dit-changement-dechelle\/embed\/#?secret=acZbsOb1FS\" width=\"600\" height=\"338\" title=\"\u00ab\u00a0Vous avez dit changement d\u2019\u00e9chelle ?\u00a0\u00bb &#8212; La Gazette\" data-secret=\"acZbsOb1FS\" frameborder=\"0\" marginwidth=\"0\" marginheight=\"0\" scrolling=\"no\" class=\"wp-embedded-content\"><\/iframe><script type=\"text\/javascript\">\n\/* <![CDATA[ *\/\n\/*! This file is auto-generated *\/\n!function(d,l){\"use strict\";l.querySelector&&d.addEventListener&&\"undefined\"!=typeof URL&&(d.wp=d.wp||{},d.wp.receiveEmbedMessage||(d.wp.receiveEmbedMessage=function(e){var t=e.data;if((t||t.secret||t.message||t.value)&&!\/[^a-zA-Z0-9]\/.test(t.secret)){for(var s,r,n,a=l.querySelectorAll('iframe[data-secret=\"'+t.secret+'\"]'),o=l.querySelectorAll('blockquote[data-secret=\"'+t.secret+'\"]'),c=new RegExp(\"^https?:$\",\"i\"),i=0;i<o.length;i++)o[i].style.display=\"none\";for(i=0;i<a.length;i++)s=a[i],e.source===s.contentWindow&&(s.removeAttribute(\"style\"),\"height\"===t.message?(1e3<(r=parseInt(t.value,10))?r=1e3:~~r<200&&(r=200),s.height=r):\"link\"===t.message&&(r=new URL(s.getAttribute(\"src\")),n=new URL(t.value),c.test(n.protocol))&&n.host===r.host&&l.activeElement===s&&(d.top.location.href=t.value))}},d.addEventListener(\"message\",d.wp.receiveEmbedMessage,!1),l.addEventListener(\"DOMContentLoaded\",function(){for(var e,t,s=l.querySelectorAll(\"iframe.wp-embedded-content\"),r=0;r<s.length;r++)(t=(e=s[r]).getAttribute(\"data-secret\"))||(t=Math.random().toString(36).substring(2,12),e.src+=\"#?secret=\"+t,e.setAttribute(\"data-secret\",t)),e.contentWindow.postMessage({message:\"ready\",secret:t},\"*\")},!1)))}(window,document);\n\/* ]]> *\/\n<\/script>\n","thumbnail_url":"https:\/\/sceaux-lagazette.fr\/wp-content\/uploads\/2021\/02\/Echelle2.png","thumbnail_width":594,"thumbnail_height":411,"description":"La Gazette avait annonc\u00e9 la table ronde organis\u00e9e en visio conf\u00e9rence par la CATTE (Coordination des Associations du Territoire pour la Transition \u00c9cologique) le 9 f\u00e9vrier dernier et intitul\u00e9e \u00ab Pour la R\u00e9novation des logements, comment changer d\u2019\u00e9chelle\u00a0\u00bb. Il \u00e9tait logique qu\u2019elle donne \u00e0 ses lecteurs quelques \u00e9l\u00e9ments sur ce&#8230;"}