{"version":"1.0","provider_name":"La Gazette","provider_url":"https:\/\/sceaux-lagazette.fr","author_name":"G\u00e9rard Bardier","author_url":"https:\/\/sceaux-lagazette.fr\/index.php\/author\/gb\/","title":"B\u00eatisier #6 : faisons comme les Su\u00e9dois ! - La Gazette","type":"rich","width":600,"height":338,"html":"<blockquote class=\"wp-embedded-content\" data-secret=\"g5pwK7KoB2\"><a href=\"https:\/\/sceaux-lagazette.fr\/index.php\/2020\/12\/09\/betisier-6-faisons-comme-les-suedois\/\">B\u00eatisier #6 : faisons comme les Su\u00e9dois !<\/a><\/blockquote><iframe sandbox=\"allow-scripts\" security=\"restricted\" src=\"https:\/\/sceaux-lagazette.fr\/index.php\/2020\/12\/09\/betisier-6-faisons-comme-les-suedois\/embed\/#?secret=g5pwK7KoB2\" width=\"600\" height=\"338\" title=\"\u00ab\u00a0B\u00eatisier #6 : faisons comme les Su\u00e9dois !\u00a0\u00bb &#8212; La Gazette\" data-secret=\"g5pwK7KoB2\" frameborder=\"0\" marginwidth=\"0\" marginheight=\"0\" scrolling=\"no\" class=\"wp-embedded-content\"><\/iframe><script type=\"text\/javascript\">\n\/* <![CDATA[ *\/\n\/*! This file is auto-generated *\/\n!function(d,l){\"use strict\";l.querySelector&&d.addEventListener&&\"undefined\"!=typeof URL&&(d.wp=d.wp||{},d.wp.receiveEmbedMessage||(d.wp.receiveEmbedMessage=function(e){var t=e.data;if((t||t.secret||t.message||t.value)&&!\/[^a-zA-Z0-9]\/.test(t.secret)){for(var s,r,n,a=l.querySelectorAll('iframe[data-secret=\"'+t.secret+'\"]'),o=l.querySelectorAll('blockquote[data-secret=\"'+t.secret+'\"]'),c=new RegExp(\"^https?:$\",\"i\"),i=0;i<o.length;i++)o[i].style.display=\"none\";for(i=0;i<a.length;i++)s=a[i],e.source===s.contentWindow&&(s.removeAttribute(\"style\"),\"height\"===t.message?(1e3<(r=parseInt(t.value,10))?r=1e3:~~r<200&&(r=200),s.height=r):\"link\"===t.message&&(r=new URL(s.getAttribute(\"src\")),n=new URL(t.value),c.test(n.protocol))&&n.host===r.host&&l.activeElement===s&&(d.top.location.href=t.value))}},d.addEventListener(\"message\",d.wp.receiveEmbedMessage,!1),l.addEventListener(\"DOMContentLoaded\",function(){for(var e,t,s=l.querySelectorAll(\"iframe.wp-embedded-content\"),r=0;r<s.length;r++)(t=(e=s[r]).getAttribute(\"data-secret\"))||(t=Math.random().toString(36).substring(2,12),e.src+=\"#?secret=\"+t,e.setAttribute(\"data-secret\",t)),e.contentWindow.postMessage({message:\"ready\",secret:t},\"*\")},!1)))}(window,document);\n\/* ]]> *\/\n<\/script>\n","thumbnail_url":"https:\/\/sceaux-lagazette.fr\/wp-content\/uploads\/2020\/12\/drapeau-suede-suedois-145-cm-x-90-cm.jpg","thumbnail_width":700,"thumbnail_height":700,"description":"Les adversaires du confinement font souvent r\u00e9f\u00e9rence \u00e0 la Su\u00e8de qui aurait eu de bons r\u00e9sultats contre le Covid sans recours \u00e0 des mesures autoritaires, et ne connaitrait pas de deuxi\u00e8me vague parce qu\u2019elle a fait confiance \u00e0 l\u2019immunit\u00e9 collective. La r\u00e9alit\u00e9 est assez \u00e9loign\u00e9e de cette description idyllique&nbsp;! Les&#8230;"}