{"version":"1.0","provider_name":"La Gazette","provider_url":"https:\/\/sceaux-lagazette.fr","author_name":"G\u00e9rard Bardier","author_url":"https:\/\/sceaux-lagazette.fr\/index.php\/author\/gb\/","title":"Ecologie : un \u00e9clairage basse tension - La Gazette","type":"rich","width":600,"height":338,"html":"<blockquote class=\"wp-embedded-content\" data-secret=\"eAp7FOOHoZ\"><a href=\"https:\/\/sceaux-lagazette.fr\/index.php\/2020\/09\/15\/ecologie-un-eclairage-basse-tension\/\">Ecologie : un \u00e9clairage basse tension<\/a><\/blockquote><iframe sandbox=\"allow-scripts\" security=\"restricted\" src=\"https:\/\/sceaux-lagazette.fr\/index.php\/2020\/09\/15\/ecologie-un-eclairage-basse-tension\/embed\/#?secret=eAp7FOOHoZ\" width=\"600\" height=\"338\" title=\"\u00ab\u00a0Ecologie : un \u00e9clairage basse tension\u00a0\u00bb &#8212; La Gazette\" data-secret=\"eAp7FOOHoZ\" frameborder=\"0\" marginwidth=\"0\" marginheight=\"0\" scrolling=\"no\" class=\"wp-embedded-content\"><\/iframe><script type=\"text\/javascript\">\n\/* <![CDATA[ *\/\n\/*! This file is auto-generated *\/\n!function(d,l){\"use strict\";l.querySelector&&d.addEventListener&&\"undefined\"!=typeof URL&&(d.wp=d.wp||{},d.wp.receiveEmbedMessage||(d.wp.receiveEmbedMessage=function(e){var t=e.data;if((t||t.secret||t.message||t.value)&&!\/[^a-zA-Z0-9]\/.test(t.secret)){for(var s,r,n,a=l.querySelectorAll('iframe[data-secret=\"'+t.secret+'\"]'),o=l.querySelectorAll('blockquote[data-secret=\"'+t.secret+'\"]'),c=new RegExp(\"^https?:$\",\"i\"),i=0;i<o.length;i++)o[i].style.display=\"none\";for(i=0;i<a.length;i++)s=a[i],e.source===s.contentWindow&&(s.removeAttribute(\"style\"),\"height\"===t.message?(1e3<(r=parseInt(t.value,10))?r=1e3:~~r<200&&(r=200),s.height=r):\"link\"===t.message&&(r=new URL(s.getAttribute(\"src\")),n=new URL(t.value),c.test(n.protocol))&&n.host===r.host&&l.activeElement===s&&(d.top.location.href=t.value))}},d.addEventListener(\"message\",d.wp.receiveEmbedMessage,!1),l.addEventListener(\"DOMContentLoaded\",function(){for(var e,t,s=l.querySelectorAll(\"iframe.wp-embedded-content\"),r=0;r<s.length;r++)(t=(e=s[r]).getAttribute(\"data-secret\"))||(t=Math.random().toString(36).substring(2,12),e.src+=\"#?secret=\"+t,e.setAttribute(\"data-secret\",t)),e.contentWindow.postMessage({message:\"ready\",secret:t},\"*\")},!1)))}(window,document);\n\/* ]]> *\/\n<\/script>\n","description":"La hausse des temp\u00e9ratures moyennes \u00e0 la superficie du globe terrestre, annonc\u00e9e depuis quelques d\u00e9cennies par le GIEC est manifeste ces derni\u00e8res ann\u00e9es. Le r\u00f4le des activit\u00e9s anthropiques dans les \u00e9missions de gaz \u00e0 effet de serre est bien document\u00e9. Mais celles-ci continuent \u00e0 augmenter, avec la croissance \u00e9conomique (\u00e0&#8230;","thumbnail_url":"https:\/\/sceaux-lagazette.fr\/wp-content\/uploads\/2020\/10\/StructureCO2.jpg"}